{"id":15664,"date":"2026-04-01T10:58:02","date_gmt":"2026-04-01T08:58:02","guid":{"rendered":"https:\/\/www.berufsverband-medizin.ch\/?page_id=15664"},"modified":"2026-04-01T10:58:02","modified_gmt":"2026-04-01T08:58:02","slug":"planification-de-la-retraite-et-de-la-succession-pour-les-medecins","status":"publish","type":"page","link":"https:\/\/www.berufsverband-medizin.ch\/fr\/planification-de-la-retraite-et-de-la-succession-pour-les-medecins\/","title":{"rendered":"Planification de la retraite et de la succession au cabinet m\u00e9dical pour les m\u00e9decins"},"content":{"rendered":"<p><strong>Planification de la retraite et de la succession au cabinet m\u00e9dical pour les m\u00e9decins<\/strong><\/p>\n<p><strong>Formation continue reconnue par l'ISFM : 7 cr\u00e9dits<\/strong><\/p>\n<p>La succession d'un cabinet m\u00e9dical est un d\u00e9fi. Il s'agit de concilier les aspects m\u00e9dicaux, relationnels, juridiques et \u00e9conomiques. Mais comment trouver un successeur ad\u00e9quat ? Un m\u00e9decin vous donne un aper\u00e7u personnel \u00e0 partir de sa propre exp\u00e9rience.<br \/>\nLa vente d'un cabinet est \u00e9galement importante pour votre retraite. Elle peut vous aider \u00e0 assurer votre pr\u00e9voyance. C'est pourquoi il vaut la peine d'aborder ces deux questions ensemble.<\/p>\n<p><strong>Quels sont les aspects importants pour la planification de votre retraite ?<\/strong><\/p>\n<ul>\n<li>AVS, caisse de pension, pilier 3a : voici comment exploiter le potentiel du syst\u00e8me de pr\u00e9voyance suisse<\/li>\n<li>Planification des revenus et du patrimoine : de quel patrimoine aurez-vous besoin \u00e0 la retraite ?<\/li>\n<li>Les aspects fiscaux : Voici ce dont vous devez tenir compte jusqu'\u00e0 votre retraite pour r\u00e9duire vos imp\u00f4ts<\/li>\n<li>Objectifs de la formation<\/li>\n<li>vous savez comment aborder la succession d'un cabinet m\u00e9dical<\/li>\n<li>Vous connaissez les bases juridiques et les mod\u00e8les de transmission existants.<\/li>\n<li>Vous apprenez \u00e0 conna\u00eetre les d\u00e9fis auxquels sont confront\u00e9s les m\u00e9decins en mati\u00e8re de planification de la retraite.<\/li>\n<li>Gr\u00e2ce \u00e0 des \u00e9tudes de cas et des t\u00e9moignages, vous aurez un aper\u00e7u de la pratique.<\/li>\n<\/ul>\n<p><strong>Temps, lieu et co\u00fbts<\/strong><br \/>\nLe nombre de participants \u00e9tant limit\u00e9, il est pr\u00e9f\u00e9rable de s'inscrire d\u00e8s maintenant :<br \/>\nwww.berufsverband-medizin.ch\/veranstaltungen. Vous y trouverez \u00e9galement d'autres manifestations et offres de votre association professionnelle.<\/p>\n<p>Jeudi 25 juin 2026<br \/>\nde 8h30 \u00e0 17h30<br \/>\nH\u00f4tel St. Gotthard, Bahnhofstrasse 87, 8001 Zurich<\/p>\n<p><strong>Intervenants<\/strong><\/p>\n<ul>\n<li>Daniel Frank<br \/>\nTh\u00e9orie &amp; d\u00e9fis Planification de la retraite pour<br \/>\nM\u00e9decins<\/li>\n<li>Kevin Seiler<br \/>\nLes bases de la succession d'un cabinet m\u00e9dical<\/li>\n<li>Le Dr. med dent. Roger Truffer<br \/>\nT\u00e9moignage et interview d'un m\u00e9decin<\/li>\n<\/ul>\n<p><strong>Pour les membres de l'association professionnelle de m\u00e9decine, la manifestation est gratuite. Pour les participants qui ne sont pas membres de l'association professionnelle de m\u00e9decine, des frais de participation de 500 CHF seront factur\u00e9s. Une inscription est n\u00e9cessaire.<\/strong><\/p>\n<div class='fluentform ff-default fluentform_wrapper_6 ffs_default_wrap'><form data-form_id=\"6\" id=\"fluentform_6\" class=\"frm-fluent-form fluent_form_6 ff-el-form-top ff_form_instance_6_1 ff-form-loading ffs_default\" data-form_instance=\"ff_form_instance_6_1\" method=\"POST\" action=\"\" ><fieldset  style=\"border: none!important;margin: 0!important;padding: 0!important;background-color: transparent!important;box-shadow: none!important;outline: none!important; min-inline-size: 100%;\">\n                    <legend class=\"ff_screen_reader_title\" style=\"display: block; margin: 0!important;padding: 0!important;height: 0!important;text-indent: -999999px;width: 0!important;overflow:hidden;\">Event Registration Planification de la retraite et de la succession au cabinet m\u00e9dical pour les m\u00e9decins<\/legend><input type='hidden' name='__fluent_form_embded_post_id' value='15664' \/><input type=\"hidden\" id=\"_fluentform_6_fluentformnonce\" name=\"_fluentform_6_fluentformnonce\" value=\"bad255dbce\" \/><input type=\"hidden\" name=\"_wp_http_referer\" value=\"\/fr\/wp-json\/wp\/v2\/pages\/15664\" \/><div class='ff-el-group  ff-custom_html' tabindex='-1' data-name=\"custom_html-6_1\" ><p><br><\/p><\/div><div class='ff-el-group  ff-custom_html' tabindex='-1' data-name=\"custom_html-6_2\" ><h3>Inscription \u00e0 l'\u00e9v\u00e9nement <strong>Planification de la retraite et de la succession au cabinet m\u00e9dical pour les m\u00e9decins<\/strong><\/h3><\/div><div class='ff-el-group'><div class=\"ff-el-input--label asterisk-right\"><label for='ff_6_titel_1715083720021' id='label_ff_6_titel_1715083720021' aria-label=\"Titre\">Titre<\/label><\/div><div class='ff-el-input--content'><input type=\"text\" name=\"titel_1715083720021\" class=\"ff-el-form-control\" id=\"ff_6_titel_1715083720021\" data-name=\"titel_1715083720021\"  aria-invalid=\"false\" aria-required=\"false\"><\/div><\/div><div data-name=\"ff_cn_id_1\"  class='ff-t-container ff-column-container ff_columns_total_2'><div class='ff-t-cell ff-t-column-1' style='flex-basis: 50%;'><div class='ff-el-group one-half first'><div class=\"ff-el-input--label ff-el-is-required asterisk-right\"><label for='ff_6_vorname_1715083517793' id='label_ff_6_vorname_1715083517793' >Pr\u00e9nom<\/label><\/div><div class='ff-el-input--content'><input type=\"text\" name=\"vorname_1715083517793\" class=\"ff-el-form-control\" id=\"ff_6_vorname_1715083517793\" data-name=\"vorname_1715083517793\"  aria-invalid=\"false\" aria-required=\"true\"><\/div><\/div><\/div><div class='ff-t-cell ff-t-column-2' style='flex-basis: 50%;'><div class='ff-el-group one-half'><div class=\"ff-el-input--label ff-el-is-required asterisk-right\"><label for='ff_6_nachname_1715083543912' id='label_ff_6_nachname_1715083543912' >Nom de famille<\/label><\/div><div class='ff-el-input--content'><input type=\"text\" name=\"nachname_1715083543912\" class=\"ff-el-form-control\" id=\"ff_6_nachname_1715083543912\" data-name=\"nachname_1715083543912\"  aria-invalid=\"false\" aria-required=\"true\"><\/div><\/div><\/div><\/div><div class='ff-el-group'><div class=\"ff-el-input--label ff-el-is-required asterisk-right\"><label for='ff_6_praxis_1715083772332' id='label_ff_6_praxis_1715083772332' aria-label=\"Cabinet m\u00e9dical\">Cabinet m\u00e9dical<\/label><\/div><div class='ff-el-input--content'><input type=\"text\" name=\"praxis_1715083772332\" class=\"ff-el-form-control\" id=\"ff_6_praxis_1715083772332\" data-name=\"praxis_1715083772332\"  aria-invalid=\"false\" aria-required=\"true\"><\/div><\/div><div class='ff-el-group'><div class=\"ff-el-input--label ff-el-is-required asterisk-right\"><label for='ff_6_address_1715083792315' id='label_ff_6_address_1715083792315' aria-label=\"Adresse\">Adresse<\/label><\/div><div class='ff-el-input--content'><input type=\"text\" name=\"address_1715083792315\" class=\"ff-el-form-control\" id=\"ff_6_address_1715083792315\" data-name=\"address_1715083792315\"  aria-invalid=\"false\" aria-required=\"true\"><\/div><\/div><div class='ff-el-group'><div class=\"ff-el-input--label ff-el-is-required asterisk-right\"><label for='ff_6_postleitzahl_1715083835340' id='label_ff_6_postleitzahl_1715083835340' aria-label=\"Code postal\">Code postal<\/label><\/div><div class='ff-el-input--content'><input type=\"text\" name=\"postleitzahl_1715083835340\" class=\"ff-el-form-control\" id=\"ff_6_postleitzahl_1715083835340\" data-name=\"postleitzahl_1715083835340\"  aria-invalid=\"false\" aria-required=\"true\"><\/div><\/div><div class='ff-el-group'><div class=\"ff-el-input--label ff-el-is-required asterisk-right\"><label for='ff_6_stadt_1715083854398' id='label_ff_6_stadt_1715083854398' aria-label=\"Ville\">Ville<\/label><\/div><div class='ff-el-input--content'><input type=\"text\" name=\"stadt_1715083854398\" class=\"ff-el-form-control\" id=\"ff_6_stadt_1715083854398\" data-name=\"stadt_1715083854398\"  aria-invalid=\"false\" aria-required=\"true\"><\/div><\/div><div class='ff-el-group'><div class=\"ff-el-input--label ff-el-is-required asterisk-right\"><label for='ff_6_land_1715083869668' id='label_ff_6_land_1715083869668' aria-label=\"Pays\">Pays<\/label><\/div><div class='ff-el-input--content'><input type=\"text\" name=\"land_1715083869668\" class=\"ff-el-form-control\" id=\"ff_6_land_1715083869668\" data-name=\"land_1715083869668\"  aria-invalid=\"false\" aria-required=\"true\"><\/div><\/div><div data-name=\"ff_cn_id_2\"  class='ff-t-container ff-column-container ff_columns_total_2'><div class='ff-t-cell ff-t-column-1' style='flex-basis: 50%;'><div class='ff-el-group'><div class=\"ff-el-input--label ff-el-is-required asterisk-right\"><label for='ff_6_email' id='label_ff_6_email' aria-label=\"Email\">Email<\/label><\/div><div class='ff-el-input--content'><input type=\"email\" name=\"email\" class=\"ff-el-form-control\" id=\"ff_6_email\" data-name=\"email\"  aria-invalid=\"false\" aria-required=\"true\"><\/div><\/div><\/div><div class='ff-t-cell ff-t-column-2' style='flex-basis: 50%;'><div class='ff-el-group one-half'><div class=\"ff-el-input--label ff-el-is-required asterisk-right\"><label for='ff_6_telefon_1715083667099' id='label_ff_6_telefon_1715083667099' aria-label=\"T\u00e9l\u00e9phone\">T\u00e9l\u00e9phone<\/label><\/div><div class='ff-el-input--content'><input type=\"text\" name=\"telefon_1715083667099\" class=\"ff-el-form-control\" id=\"ff_6_telefon_1715083667099\" data-name=\"telefon_1715083667099\"  aria-invalid=\"false\" aria-required=\"true\"><\/div><\/div><\/div><\/div><div class=\"ff-el-group ff-el-section-break  ff_left\" data-name=\"section_break-6_3\" ><h3 class='ff-el-section-title'><\/h3><div class='ff-section_break_desk'><\/div><hr \/><\/div><div class='ff-el-group'><div class=\"ff-el-input--label ff-el-is-required asterisk-right\"><label   aria-label=\"Prix\">Prix<\/label><\/div><div class='ff-el-input--content'><div class='ff-el-form-check ff-el-form-check-'><label class='ff-el-form-check-label' for='preis_1715083914629_cd5d90df4d4b5ce53757ac8bb9022fa8'><input  name=\"preis_1715083914629\" class=\"ff-el-form-check-input ff-el-form-check-radio\" type=\"radio\" data-name=\"preis_1715083914629\" value=\"CHF 0\" data-calc_value=\"0\"  id='preis_1715083914629_cd5d90df4d4b5ce53757ac8bb9022fa8' aria-label='Pour les membres de l&#039;association professionnelle de m\u00e9decine - CHF 0' aria-invalid='false' aria-required=\"true\"> <span>Pour les membres de l'association professionnelle de m\u00e9decine - CHF 0<\/span><\/label><\/div><div class='ff-el-form-check ff-el-form-check-'><label class='ff-el-form-check-label' for='preis_1715083914629_5b460960801a34e114137685937efb6f'><input  name=\"preis_1715083914629\" class=\"ff-el-form-check-input ff-el-form-check-radio\" type=\"radio\" data-name=\"preis_1715083914629\" value=\"CHF 500\" data-calc_value=\"500\"  id='preis_1715083914629_5b460960801a34e114137685937efb6f' aria-label='Pas d&#039;affiliation \u00e0 l&#039;association professionnelle de m\u00e9decine - CHF 500' aria-invalid='false' aria-required=\"true\"> <span>Pas d'affiliation \u00e0 l'association professionnelle de m\u00e9decine - CHF 500<\/span><\/label><\/div><\/div><\/div><div class='ff-el-group'><div class=\"ff-el-input--label asterisk-right\"><label for='ff_6_bemerkungen_1715084011552' id='label_ff_6_bemerkungen_1715084011552' aria-label=\"Remarques\">Remarques<\/label><\/div><div class='ff-el-input--content'><textarea aria-required=\"false\" aria-labelledby=\"label_ff_6_bemerkungen_1715084011552\" name=\"bemerkungen_1715084011552\" class=\"ff-el-form-control\" id=\"ff_6_bemerkungen_1715084011552\" rows=\"6\" cols=\"2\" data-name=\"bemerkungen_1715084011552\" ><\/textarea><\/div><\/div><div class='ff-el-group ff-text-left ff_submit_btn_wrapper'><button type=\"submit\" class=\"ff-btn ff-btn-submit ff-btn-md ff_btn_style\"  aria-label=\"Envoyer\">Envoyer<\/button><\/div><\/fieldset><input type=\"hidden\" name=\"trp-form-language\" value=\"fr\"\/><\/form><div id='fluentform_6_errors' class='ff-errors-in-stack ff_form_instance_6_1 ff-form-loading_errors ff_form_instance_6_1_errors'><\/div><\/div>            <script type=\"text\/javascript\">\n                window.fluent_form_ff_form_instance_6_1 = {\"id\":\"6\",\"settings\":{\"layout\":{\"labelPlacement\":\"top\",\"asteriskPlacement\":\"asterisk-right\",\"helpMessagePlacement\":\"with_label\",\"errorMessagePlacement\":\"inline\",\"cssClassName\":\"\"},\"restrictions\":{\"denyEmptySubmission\":{\"enabled\":false}}},\"form_instance\":\"ff_form_instance_6_1\",\"form_id_selector\":\"fluentform_6\",\"rules\":{\"titel_1715083720021\":{\"required\":{\"value\":false,\"message\":\"This field is required\",\"global\":false,\"global_message\":\"Dieses Feld ist erforderlich\"}},\"vorname_1715083517793\":{\"required\":{\"value\":true,\"message\":\"This field is required\",\"global\":false,\"global_message\":\"Dieses Feld ist erforderlich\"}},\"nachname_1715083543912\":{\"required\":{\"value\":true,\"message\":\"This field is required\",\"global\":false,\"global_message\":\"Dieses Feld ist erforderlich\"}},\"praxis_1715083772332\":{\"required\":{\"value\":true,\"message\":\"This field is required\",\"global\":false,\"global_message\":\"Dieses Feld ist erforderlich\"}},\"address_1715083792315\":{\"required\":{\"value\":true,\"message\":\"This field is required\",\"global\":false,\"global_message\":\"Dieses Feld ist erforderlich\"}},\"postleitzahl_1715083835340\":{\"required\":{\"value\":true,\"message\":\"This field is required\",\"global\":false,\"global_message\":\"Dieses Feld ist erforderlich\"}},\"stadt_1715083854398\":{\"required\":{\"value\":true,\"message\":\"This field is required\",\"global\":false,\"global_message\":\"Dieses Feld ist erforderlich\"}},\"land_1715083869668\":{\"required\":{\"value\":true,\"message\":\"This field is required\",\"global\":false,\"global_message\":\"Dieses Feld ist erforderlich\"}},\"email\":{\"required\":{\"value\":true,\"message\":\"This field is required\",\"global\":false,\"global_message\":\"Dieses Feld ist erforderlich\"},\"email\":{\"value\":1,\"message\":\"This field must contain a valid email\",\"global\":false,\"global_message\":\"Dieses Feld muss eine g\\u00fcltige E-Mail-Adresse enthalten\"}},\"telefon_1715083667099\":{\"required\":{\"value\":true,\"message\":\"This field is required\",\"global\":false,\"global_message\":\"Dieses Feld ist erforderlich\"}},\"preis_1715083914629\":{\"required\":{\"value\":true,\"message\":\"Dieses Feld ist erforderlich\",\"global\":false,\"global_message\":\"Dieses Feld ist erforderlich\"}},\"bemerkungen_1715084011552\":{\"required\":{\"value\":false,\"message\":\"This field is required\",\"global\":false,\"global_message\":\"Dieses Feld ist erforderlich\"}}},\"debounce_time\":300};\n                            <\/script>","protected":false},"excerpt":{"rendered":"<p>Pensionierungsplanung und Praxisnachfolge f\u00fcr \u00c4rztinnen und \u00c4rzte Anerkannte Fortbildung SIWF: 7 Credits Eine Praxisnachfolge ist herausfordernd. Es gilt dabei, medizinische, zwischenmenschliche, rechtliche und betriebswirtschaftliche Aspekte zu vereinen. Doch wie finden Sie eine geeignete Nachfolgerin oder einen geeigneten Nachfolger? Ein Arzt gibt Ihnen anhand seiner eigenen Erfahrungen pers\u00f6nliche Einblicke. Ein Praxisverkauf ist auch f\u00fcr Ihre Pensionierung [&hellip;]<\/p>","protected":false},"author":9,"featured_media":0,"parent":0,"menu_order":0,"comment_status":"closed","ping_status":"closed","template":"","meta":{"footnotes":""},"folder":[],"class_list":["post-15664","page","type-page","status-publish","hentry"],"yoast_head":"<!-- This site is optimized with the Yoast SEO plugin v27.5 - https:\/\/yoast.com\/product\/yoast-seo-wordpress\/ -->\n<title>Pensionierungsplanung und Praxisnachfolge f\u00fcr \u00c4rztinnen und \u00c4rzte - Berufsverband Medizin<\/title>\n<meta name=\"robots\" content=\"index, follow, max-snippet:-1, max-image-preview:large, max-video-preview:-1\" \/>\n<link rel=\"canonical\" href=\"https:\/\/www.berufsverband-medizin.ch\/fr\/planification-de-la-retraite-et-de-la-succession-pour-les-medecins\/\" \/>\n<meta property=\"og:locale\" content=\"fr_FR\" \/>\n<meta property=\"og:type\" content=\"article\" \/>\n<meta property=\"og:title\" content=\"Pensionierungsplanung und Praxisnachfolge f\u00fcr \u00c4rztinnen und \u00c4rzte - Berufsverband Medizin\" \/>\n<meta property=\"og:description\" content=\"Pensionierungsplanung und Praxisnachfolge f\u00fcr \u00c4rztinnen und \u00c4rzte Anerkannte Fortbildung SIWF: 7 Credits Eine Praxisnachfolge ist herausfordernd. Es gilt dabei, medizinische, zwischenmenschliche, rechtliche und betriebswirtschaftliche Aspekte zu vereinen. Doch wie finden Sie eine geeignete Nachfolgerin oder einen geeigneten Nachfolger? Ein Arzt gibt Ihnen anhand seiner eigenen Erfahrungen pers\u00f6nliche Einblicke. Ein Praxisverkauf ist auch f\u00fcr Ihre Pensionierung [&hellip;]\" \/>\n<meta property=\"og:url\" content=\"https:\/\/www.berufsverband-medizin.ch\/fr\/planification-de-la-retraite-et-de-la-succession-pour-les-medecins\/\" \/>\n<meta property=\"og:site_name\" content=\"Berufsverband Medizin\" \/>\n<meta name=\"twitter:card\" content=\"summary_large_image\" \/>\n<meta name=\"twitter:label1\" content=\"Dur\u00e9e de lecture estim\u00e9e\" \/>\n\t<meta name=\"twitter:data1\" content=\"2 minutes\" \/>\n<script type=\"application\/ld+json\" class=\"yoast-schema-graph\">{\"@context\":\"https:\\\/\\\/schema.org\",\"@graph\":[{\"@type\":\"WebPage\",\"@id\":\"https:\\\/\\\/www.berufsverband-medizin.ch\\\/pensionierungsplanung-und-praxisnachfolge-fuer-aerztinnen-und-aerzte\\\/\",\"url\":\"https:\\\/\\\/www.berufsverband-medizin.ch\\\/pensionierungsplanung-und-praxisnachfolge-fuer-aerztinnen-und-aerzte\\\/\",\"name\":\"Pensionierungsplanung und Praxisnachfolge f\u00fcr \u00c4rztinnen und \u00c4rzte - Berufsverband Medizin\",\"isPartOf\":{\"@id\":\"https:\\\/\\\/www.berufsverband-medizin.ch\\\/#website\"},\"datePublished\":\"2026-04-01T08:58:02+00:00\",\"breadcrumb\":{\"@id\":\"https:\\\/\\\/www.berufsverband-medizin.ch\\\/pensionierungsplanung-und-praxisnachfolge-fuer-aerztinnen-und-aerzte\\\/#breadcrumb\"},\"inLanguage\":\"fr-FR\",\"potentialAction\":[{\"@type\":\"ReadAction\",\"target\":[\"https:\\\/\\\/www.berufsverband-medizin.ch\\\/pensionierungsplanung-und-praxisnachfolge-fuer-aerztinnen-und-aerzte\\\/\"]}]},{\"@type\":\"BreadcrumbList\",\"@id\":\"https:\\\/\\\/www.berufsverband-medizin.ch\\\/pensionierungsplanung-und-praxisnachfolge-fuer-aerztinnen-und-aerzte\\\/#breadcrumb\",\"itemListElement\":[{\"@type\":\"ListItem\",\"position\":1,\"name\":\"Startseite\",\"item\":\"https:\\\/\\\/www.berufsverband-medizin.ch\\\/\"},{\"@type\":\"ListItem\",\"position\":2,\"name\":\"Pensionierungsplanung und Praxisnachfolge f\u00fcr \u00c4rztinnen und \u00c4rzte\"}]},{\"@type\":\"WebSite\",\"@id\":\"https:\\\/\\\/www.berufsverband-medizin.ch\\\/#website\",\"url\":\"https:\\\/\\\/www.berufsverband-medizin.ch\\\/\",\"name\":\"Berufsverband Medizin\",\"description\":\"\",\"potentialAction\":[{\"@type\":\"SearchAction\",\"target\":{\"@type\":\"EntryPoint\",\"urlTemplate\":\"https:\\\/\\\/www.berufsverband-medizin.ch\\\/?s={search_term_string}\"},\"query-input\":{\"@type\":\"PropertyValueSpecification\",\"valueRequired\":true,\"valueName\":\"search_term_string\"}}],\"inLanguage\":\"fr-FR\"}]}<\/script>\n<!-- \/ Yoast SEO plugin. -->","yoast_head_json":{"title":"Planification de la retraite et de la succession au cabinet m\u00e9dical pour les m\u00e9decins - Berufsverband Medizin","robots":{"index":"index","follow":"follow","max-snippet":"max-snippet:-1","max-image-preview":"max-image-preview:large","max-video-preview":"max-video-preview:-1"},"canonical":"https:\/\/www.berufsverband-medizin.ch\/fr\/planification-de-la-retraite-et-de-la-succession-pour-les-medecins\/","og_locale":"fr_FR","og_type":"article","og_title":"Pensionierungsplanung und Praxisnachfolge f\u00fcr \u00c4rztinnen und \u00c4rzte - Berufsverband Medizin","og_description":"Pensionierungsplanung und Praxisnachfolge f\u00fcr \u00c4rztinnen und \u00c4rzte Anerkannte Fortbildung SIWF: 7 Credits Eine Praxisnachfolge ist herausfordernd. Es gilt dabei, medizinische, zwischenmenschliche, rechtliche und betriebswirtschaftliche Aspekte zu vereinen. Doch wie finden Sie eine geeignete Nachfolgerin oder einen geeigneten Nachfolger? Ein Arzt gibt Ihnen anhand seiner eigenen Erfahrungen pers\u00f6nliche Einblicke. Ein Praxisverkauf ist auch f\u00fcr Ihre Pensionierung [&hellip;]","og_url":"https:\/\/www.berufsverband-medizin.ch\/fr\/planification-de-la-retraite-et-de-la-succession-pour-les-medecins\/","og_site_name":"Berufsverband Medizin","twitter_card":"summary_large_image","twitter_misc":{"Dur\u00e9e de lecture estim\u00e9e":"2 minutes"},"schema":{"@context":"https:\/\/schema.org","@graph":[{"@type":"WebPage","@id":"https:\/\/www.berufsverband-medizin.ch\/pensionierungsplanung-und-praxisnachfolge-fuer-aerztinnen-und-aerzte\/","url":"https:\/\/www.berufsverband-medizin.ch\/pensionierungsplanung-und-praxisnachfolge-fuer-aerztinnen-und-aerzte\/","name":"Planification de la retraite et de la succession au cabinet m\u00e9dical pour les m\u00e9decins - Berufsverband Medizin","isPartOf":{"@id":"https:\/\/www.berufsverband-medizin.ch\/#website"},"datePublished":"2026-04-01T08:58:02+00:00","breadcrumb":{"@id":"https:\/\/www.berufsverband-medizin.ch\/pensionierungsplanung-und-praxisnachfolge-fuer-aerztinnen-und-aerzte\/#breadcrumb"},"inLanguage":"fr-FR","potentialAction":[{"@type":"ReadAction","target":["https:\/\/www.berufsverband-medizin.ch\/pensionierungsplanung-und-praxisnachfolge-fuer-aerztinnen-und-aerzte\/"]}]},{"@type":"BreadcrumbList","@id":"https:\/\/www.berufsverband-medizin.ch\/pensionierungsplanung-und-praxisnachfolge-fuer-aerztinnen-und-aerzte\/#breadcrumb","itemListElement":[{"@type":"ListItem","position":1,"name":"Startseite","item":"https:\/\/www.berufsverband-medizin.ch\/"},{"@type":"ListItem","position":2,"name":"Pensionierungsplanung und Praxisnachfolge f\u00fcr \u00c4rztinnen und \u00c4rzte"}]},{"@type":"WebSite","@id":"https:\/\/www.berufsverband-medizin.ch\/#website","url":"https:\/\/www.berufsverband-medizin.ch\/","name":"Association professionnelle de m\u00e9decine","description":"","potentialAction":[{"@type":"SearchAction","target":{"@type":"EntryPoint","urlTemplate":"https:\/\/www.berufsverband-medizin.ch\/?s={search_term_string}"},"query-input":{"@type":"PropertyValueSpecification","valueRequired":true,"valueName":"search_term_string"}}],"inLanguage":"fr-FR"}]}},"_links":{"self":[{"href":"https:\/\/www.berufsverband-medizin.ch\/fr\/wp-json\/wp\/v2\/pages\/15664","targetHints":{"allow":["GET"]}}],"collection":[{"href":"https:\/\/www.berufsverband-medizin.ch\/fr\/wp-json\/wp\/v2\/pages"}],"about":[{"href":"https:\/\/www.berufsverband-medizin.ch\/fr\/wp-json\/wp\/v2\/types\/page"}],"author":[{"embeddable":true,"href":"https:\/\/www.berufsverband-medizin.ch\/fr\/wp-json\/wp\/v2\/users\/9"}],"replies":[{"embeddable":true,"href":"https:\/\/www.berufsverband-medizin.ch\/fr\/wp-json\/wp\/v2\/comments?post=15664"}],"version-history":[{"count":6,"href":"https:\/\/www.berufsverband-medizin.ch\/fr\/wp-json\/wp\/v2\/pages\/15664\/revisions"}],"predecessor-version":[{"id":15677,"href":"https:\/\/www.berufsverband-medizin.ch\/fr\/wp-json\/wp\/v2\/pages\/15664\/revisions\/15677"}],"wp:attachment":[{"href":"https:\/\/www.berufsverband-medizin.ch\/fr\/wp-json\/wp\/v2\/media?parent=15664"}],"wp:term":[{"taxonomy":"folder","embeddable":true,"href":"https:\/\/www.berufsverband-medizin.ch\/fr\/wp-json\/wp\/v2\/folder?post=15664"}],"curies":[{"name":"wp","href":"https:\/\/api.w.org\/{rel}","templated":true}]}}