{"id":14738,"date":"2023-04-16T13:45:53","date_gmt":"2023-04-16T11:45:53","guid":{"rendered":"http:\/\/medizin.aretis-staging.ch\/?page_id=14738"},"modified":"2023-07-20T13:22:15","modified_gmt":"2023-07-20T11:22:15","slug":"association-professionnelle-medecine","status":"publish","type":"page","link":"https:\/\/www.berufsverband-medizin.ch\/fr\/","title":{"rendered":"Accueil"},"content":{"rendered":"<div id='full_slider_1'  class='avia-fullwidth-slider main_color avia-shadow   avia-builder-el-0  el_before_av_section  avia-builder-el-first  hero-section  container_wrap fullsize'  >\n<style type=\"text\/css\" data-created_by=\"avia_inline_auto\" id=\"style-css-av-lgkt41w1-bcd31aee5588c26541a46930e03d3216\">\n#top #wrap_all .avia-slideshow .av-slideshow-caption.av-lgkt41w1-bcd31aee5588c26541a46930e03d3216__0 .avia-caption-title{\nfont-size:40px;\ncolor:#ffffff;\n}\n#top .avia-slideshow .av-slideshow-caption.av-lgkt41w1-bcd31aee5588c26541a46930e03d3216__0 .avia-caption-content{\nfont-size:28px;\ncolor:#ffffff;\n}\n#top .avia-slideshow .av-slideshow-caption.av-lgkt41w1-bcd31aee5588c26541a46930e03d3216__0 .avia-caption-content p{\nfont-size:28px;\n}\n\n@media only screen and (min-width: 480px) and (max-width: 767px){ \n#top .avia-slideshow .av-slideshow-caption.av-lgkt41w1-bcd31aee5588c26541a46930e03d3216__0 .avia-caption-content{\nfont-size:20px;\n}\n#top .avia-slideshow .av-slideshow-caption.av-lgkt41w1-bcd31aee5588c26541a46930e03d3216__0 .avia-caption-content p{\nfont-size:20px;\n}\n}\n\n@media only screen and (max-width: 479px){ \n#top .avia-slideshow .av-slideshow-caption.av-lgkt41w1-bcd31aee5588c26541a46930e03d3216__0 .avia-caption-content{\nfont-size:20px;\n}\n#top .avia-slideshow .av-slideshow-caption.av-lgkt41w1-bcd31aee5588c26541a46930e03d3216__0 .avia-caption-content p{\nfont-size:20px;\n}\n}\n<\/style>\n<div  class='avia-slideshow av-lgkt41w1-bcd31aee5588c26541a46930e03d3216 avia-slideshow-no scaling av_slideshow_full avia-slide-slider hero-section av-slideshow-ui av-control-default av-slideshow-manual av-loop-once av-loop-manual-endless av-default-height-applied   avia-slideshow-1' data-slideshow-options=\"{&quot;animation&quot;:&quot;slide&quot;,&quot;autoplay&quot;:false,&quot;loop_autoplay&quot;:&quot;once&quot;,&quot;interval&quot;:5,&quot;loop_manual&quot;:&quot;manual-endless&quot;,&quot;autoplay_stopper&quot;:false,&quot;noNavigation&quot;:false,&quot;bg_slider&quot;:false,&quot;keep_padding&quot;:false,&quot;hoverpause&quot;:false,&quot;show_slide_delay&quot;:0}\" ><ul class='avia-slideshow-inner' style='padding-bottom: 57.6666666667%;'><li  class='avia-slideshow-slide av-lgkt41w1-bcd31aee5588c26541a46930e03d3216__0  av-single-slide slide-1 slide-odd'><div data-rel='slideshow-1' class='avia-slide-wrap'   ><div class='av-slideshow-caption av-lgkt41w1-bcd31aee5588c26541a46930e03d3216__0 caption_fullwidth caption_left caption_left_framed caption_framed'><div class=\"container caption_container\"><div class=\"slideshow_caption\"><div class=\"slideshow_inner_caption\"><div class=\"slideshow_align_caption\"><h2 class='avia-caption-title' >Association professionnelle de m\u00e9decine<\/h2><div class='avia-caption-content av_inherit_color' ><p>Centre de comp\u00e9tences pour les m\u00e9decins, les dentistes et les professionnels de la sant\u00e9<\/p>\n<\/div><\/div><\/div><\/div><\/div><\/div><img decoding=\"async\" fetchpriority=\"high\" class=\"wp-image-15122 avia-img-lazy-loading-not-15122\"  src=\"https:\/\/www.berufsverband-medizin.ch\/wp-content\/uploads\/medizin_startseite.jpg\" width=\"1800\" height=\"1038\" title='page d&#039;accueil_m\u00e9decine' alt='' srcset=\"https:\/\/www.berufsverband-medizin.ch\/wp-content\/uploads\/medizin_startseite.jpg 1800w, https:\/\/www.berufsverband-medizin.ch\/wp-content\/uploads\/medizin_startseite-300x173.jpg 300w, https:\/\/www.berufsverband-medizin.ch\/wp-content\/uploads\/medizin_startseite-1030x594.jpg 1030w, https:\/\/www.berufsverband-medizin.ch\/wp-content\/uploads\/medizin_startseite-768x443.jpg 768w, https:\/\/www.berufsverband-medizin.ch\/wp-content\/uploads\/medizin_startseite-1536x886.jpg 1536w, https:\/\/www.berufsverband-medizin.ch\/wp-content\/uploads\/medizin_startseite-1500x865.jpg 1500w, https:\/\/www.berufsverband-medizin.ch\/wp-content\/uploads\/medizin_startseite-705x407.jpg 705w\" sizes=\"(max-width: 1800px) 100vw, 1800px\" \/><\/div><\/li><\/ul><\/div><\/div>\n<div id='av_section_1'  class='avia-section av-o52r3m-a8a824c09676b097e451486ee0f65993 main_color avia-section-huge avia-shadow  avia-builder-el-1  el_after_av_slideshow_full  el_before_av_section  avia-bg-style-scroll container_wrap fullsize'  ><div class='container av-section-cont-open' ><div class='template-page content  av-content-full alpha units'><div class='post-entry post-entry-type-page post-entry-14738'><div class='entry-content-wrapper clearfix'>\n<div  class='flex_column av-1xhw1n6-3362de0b27ac449af0aab882c32c4252 av_one_full  avia-builder-el-2  el_before_av_one_half  avia-builder-el-first  first flex_column_div'     ><style type=\"text\/css\" data-created_by=\"avia_inline_auto\" id=\"style-css-av-lgly9j4z-83367fb0ef5f6a3c7267f25a62713904\">\n#top .av-special-heading.av-lgly9j4z-83367fb0ef5f6a3c7267f25a62713904{\npadding-bottom:10px;\n}\nbody .av-special-heading.av-lgly9j4z-83367fb0ef5f6a3c7267f25a62713904 .av-special-heading-tag .heading-char{\nfont-size:25px;\n}\n.av-special-heading.av-lgly9j4z-83367fb0ef5f6a3c7267f25a62713904 .av-subheading{\nfont-size:15px;\n}\n<\/style>\n<div  class='av-special-heading av-lgly9j4z-83367fb0ef5f6a3c7267f25a62713904 av-special-heading-h1 blockquote modern-quote modern-centered  avia-builder-el-3  avia-builder-el-no-sibling'><h1 class='av-special-heading-tag'  > Ce que l'association professionnelle de m\u00e9decine peut faire pour vous <\/h1><div class=\"special-heading-border\"><div class=\"special-heading-inner-border\"><\/div><\/div><\/div><\/div><div class='flex_column_table av-1avrx1u-6c58aea1365770a00de10251d44695cb sc-av_one_half av-equal-height-column-flextable'>\n<style type=\"text\/css\" data-created_by=\"avia_inline_auto\" id=\"style-css-av-1avrx1u-6c58aea1365770a00de10251d44695cb\">\n@keyframes av_boxShadowEffect_av-1avrx1u-6c58aea1365770a00de10251d44695cb-column {\n0%   { box-shadow:  0 0 0 0 #d3d3d3; opacity: 1; }\n100% { box-shadow:  0 0 20px 0 #d3d3d3; opacity: 1; }\n}\n.flex_column.av-1avrx1u-6c58aea1365770a00de10251d44695cb{\nbox-shadow: 0 0 20px 0 #d3d3d3;\npadding:35px 35px 35px 35px;\n}\n<\/style>\n<div  class='flex_column av-1avrx1u-6c58aea1365770a00de10251d44695cb av_one_half  avia-builder-el-4  el_after_av_one_full  el_before_av_one_half  first flex_column_table_cell av-equal-height-column av-align-top shadow-not-animated  column-top-margin'     ><article  class='iconbox iconbox_left av-lglyas9a-9ee56dc65d5cef99cdc26441fcf50ed8  avia-builder-el-5  avia-builder-el-no-sibling' ><div class=\"iconbox_content\"><header class=\"entry-content-header\" aria-label=\"Ic\u00f4ne : d\u00e9charger les membres\"><div class='iconbox_icon heading-color avia-iconfont avia-font-entypo-fontello' data-av_icon='\ue82b' data-av_iconfont='entypo-fontello'  ><\/div><h3 class='iconbox_content_title' >Soulager les membres<\/h3><\/header><div class='iconbox_content_container' ><p>L'association professionnelle M\u00e9decine est un centre de comp\u00e9tences pour les m\u00e9decins, les dentistes et les professionnels de la sant\u00e9. Son objectif est de d\u00e9charger ses membres des t\u00e2ches administratives, r\u00e9glementaires, financi\u00e8res et actuarielles afin qu'ils puissent se concentrer sur leur activit\u00e9 principale.<\/p>\n<\/div><\/div><footer class=\"entry-footer\"><\/footer><\/article><\/div><div class='av-flex-placeholder'><\/div>\n<style type=\"text\/css\" data-created_by=\"avia_inline_auto\" id=\"style-css-av-u5foc2-70e3cf5d956f3f48b5202889e76b6469\">\n@keyframes av_boxShadowEffect_av-u5foc2-70e3cf5d956f3f48b5202889e76b6469-column {\n0%   { box-shadow:  0 0 0 0 #d3d3d3; opacity: 1; }\n100% { box-shadow:  0 0 20px 0 #d3d3d3; opacity: 1; }\n}\n.flex_column.av-u5foc2-70e3cf5d956f3f48b5202889e76b6469{\nbox-shadow: 0 0 20px 0 #d3d3d3;\npadding:35px 35px 35px 35px;\n}\n<\/style>\n<div  class='flex_column av-u5foc2-70e3cf5d956f3f48b5202889e76b6469 av_one_half  avia-builder-el-6  el_after_av_one_half  avia-builder-el-last  flex_column_table_cell av-equal-height-column av-align-top shadow-not-animated  column-top-margin'     ><article  class='iconbox iconbox_left av-lglybmqr-63557db5c6c24a4848f7dd22a6a8f86d  avia-builder-el-7  avia-builder-el-no-sibling' ><div class=\"iconbox_content\"><header class=\"entry-content-header\" aria-label=\"Ic\u00f4ne : une offre de conseil compl\u00e8te \"><div class='iconbox_icon heading-color avia-iconfont avia-font-entypo-fontello' data-av_icon='\ue83c' data-av_iconfont='entypo-fontello'  ><\/div><h3 class='iconbox_content_title' >Une offre de conseil compl\u00e8te <\/h3><\/header><div class='iconbox_content_container' ><p>L'association professionnelle M\u00e9decine s'engage \u00e0 d\u00e9fendre les int\u00e9r\u00eats de ses membres. Que vous ouvriez votre propre cabinet, que vous cherchiez un successeur ou que vous soyez employ\u00e9 : Vous trouverez chez nous une offre compl\u00e8te d'informations et de conseils ainsi que les r\u00e9ponses aux questions centrales pour la planification financi\u00e8re de votre situation de vie actuelle.<\/p>\n<\/div><\/div><footer class=\"entry-footer\"><\/footer><\/article><\/div><\/div><!--close column table wrapper. Autoclose: 1 -->\n\n<\/div><\/div><\/div><!-- close content main div --><\/div><\/div><div id='stretch_width'  class='avia-section av-30xqkc4-a297b583837b80524d545d4daf800792 alternate_color avia-section-huge avia-shadow  avia-builder-el-8  el_after_av_section  el_before_av_section  avia-bg-style-scroll container_wrap fullsize'  ><div class='container av-section-cont-open' ><div class='template-page content  av-content-full alpha units'><div class='post-entry post-entry-type-page post-entry-14738'><div class='entry-content-wrapper clearfix'>\n\n<style type=\"text\/css\" data-created_by=\"avia_inline_auto\" id=\"style-css-av-180cx1y-9cce8f00960d41feddd95cb5483bdcb6\">\nbody .av-special-heading.av-180cx1y-9cce8f00960d41feddd95cb5483bdcb6 .av-special-heading-tag .heading-char{\nfont-size:25px;\n}\n.av-special-heading.av-180cx1y-9cce8f00960d41feddd95cb5483bdcb6 .av-subheading{\nfont-size:30px;\n}\n<\/style>\n<div  class='av-special-heading av-180cx1y-9cce8f00960d41feddd95cb5483bdcb6 av-special-heading-h2 blockquote modern-quote modern-centered  avia-builder-el-9  el_before_av_one_half  avia-builder-el-first  av-linked-heading'><h2 class='av-special-heading-tag'  >Notre information <span class='special_amp'>&amp;<\/span> Offre de conseil<\/h2><div class=\"special-heading-border\"><div class=\"special-heading-inner-border\"><\/div><\/div><\/div>\n<div class='flex_column_table av-2rnio6s-6d284d3d10ff02ddda7816898547fac0 sc-av_one_half av-equal-height-column-flextable'>\n<style type=\"text\/css\" data-created_by=\"avia_inline_auto\" id=\"style-css-av-2rnio6s-6d284d3d10ff02ddda7816898547fac0\">\n#top .flex_column_table.av-equal-height-column-flextable.av-2rnio6s-6d284d3d10ff02ddda7816898547fac0{\nmargin-top:70px;\nmargin-bottom:0px;\n}\n.flex_column.av-2rnio6s-6d284d3d10ff02ddda7816898547fac0{\nborder-radius:0px 0px 0px 0px;\npadding:0px 0px 0px 0px;\n}\n<\/style>\n<div  class='flex_column av-2rnio6s-6d284d3d10ff02ddda7816898547fac0 av_one_half  avia-builder-el-10  el_after_av_heading  el_before_av_one_half  first flex_column_table_cell av-equal-height-column av-align-top av-animated-generic fade-in av-zero-column-padding'     ><p>\n<style type=\"text\/css\" data-created_by=\"avia_inline_auto\" id=\"style-css-av-rxcv92-278ea5ff9acf15d9cd16b14d1fe8c058\">\n#top .av-special-heading.av-rxcv92-278ea5ff9acf15d9cd16b14d1fe8c058{\npadding-bottom:0;\n}\nbody .av-special-heading.av-rxcv92-278ea5ff9acf15d9cd16b14d1fe8c058 .av-special-heading-tag .heading-char{\nfont-size:25px;\n}\n.av-special-heading.av-rxcv92-278ea5ff9acf15d9cd16b14d1fe8c058 .av-subheading{\nfont-size:15px;\n}\n\n@media only screen and (max-width: 479px){ \n#top #wrap_all .av-special-heading.av-rxcv92-278ea5ff9acf15d9cd16b14d1fe8c058 .av-special-heading-tag{\nfont-size:16px;\n}\n}\n<\/style>\n<div  class='av-special-heading av-rxcv92-278ea5ff9acf15d9cd16b14d1fe8c058 av-special-heading-h3 blockquote modern-quote  avia-builder-el-11  el_before_av_iconlist  avia-builder-el-first'><h3 class='av-special-heading-tag'  >Questions centrales<\/h3><div class=\"special-heading-border\"><div class=\"special-heading-inner-border\"><\/div><\/div><\/div><br \/>\n\n<style type=\"text\/css\" data-created_by=\"avia_inline_auto\" id=\"style-css-av-lglyrjn8-0c2528fa0088dd358cb1d04f080b5333\">\n#top .avia-icon-list-container.av-lglyrjn8-0c2528fa0088dd358cb1d04f080b5333 .iconlist_icon{\ncolor:#52a895;\n}\n#top .avia-icon-list-container.av-lglyrjn8-0c2528fa0088dd358cb1d04f080b5333 .iconlist_icon svg:first-child{\nstroke:#52a895;\nfill:#52a895;\n}\n<\/style>\n<div  class='avia-icon-list-container av-lglyrjn8-0c2528fa0088dd358cb1d04f080b5333  avia-builder-el-12  el_after_av_heading  el_before_av_button'><ul class='avia-icon-list avia_animate_when_almost_visible avia-icon-list-left av-iconlist-small av-lglyrjn8-0c2528fa0088dd358cb1d04f080b5333 avia-iconlist-animate'>\n<li><div class='iconlist_icon av-1l7l4c2-827c59de243ee332ad45bdba2a667d24 avia-font-entypo-fontello avia-iconfont avia-font-entypo-fontello'><span class='av-icon-char' data-av_icon='\ue875' data-av_iconfont='entypo-fontello' aria-hidden=\"true\"><\/span><\/div><article class=\"article-icon-entry av-iconlist-empty\" ><div class=\"iconlist_content_wrap\"><header class=\"entry-content-header\" aria-label=\"Ic\u00f4ne : Vous avez besoin d&#039;un soutien fiduciaire pour l&#039;ouverture de votre cabinet ?\"><div class='av_iconlist_title iconlist_title_small' >Vous avez besoin d'un soutien fiduciaire pour l'ouverture de votre cabinet ?<\/div><\/header><div class='iconlist_content' ><\/div><\/div><footer class=\"entry-footer\"><\/footer><\/article><div class=\"iconlist-timeline\"><\/div><\/li>\n<li><div class='iconlist_icon av-1l7l4c2-3-8da4691f7d93ab2341c28c8d3dc7b7d7 avia-font-entypo-fontello avia-iconfont avia-font-entypo-fontello'><span class='av-icon-char' data-av_icon='\ue875' data-av_iconfont='entypo-fontello' aria-hidden=\"true\"><\/span><\/div><article class=\"article-icon-entry av-iconlist-empty\" ><div class=\"iconlist_content_wrap\"><header class=\"entry-content-header\" aria-label=\"Ic\u00f4ne : Obtenez-vous les meilleures prestations d&#039;assurance possibles pour votre argent ?\"><div class='av_iconlist_title iconlist_title_small' >Obtenez-vous les meilleures prestations d'assurance possibles pour votre argent ?<\/div><\/header><div class='iconlist_content' ><\/div><\/div><footer class=\"entry-footer\"><\/footer><\/article><div class=\"iconlist-timeline\"><\/div><\/li>\n<li><div class='iconlist_icon av-1l7l4c2-2-5e461d16619c8c10bbef39fe77fb39b6 avia-font-entypo-fontello avia-iconfont avia-font-entypo-fontello'><span class='av-icon-char' data-av_icon='\ue875' data-av_iconfont='entypo-fontello' aria-hidden=\"true\"><\/span><\/div><article class=\"article-icon-entry av-iconlist-empty\" ><div class=\"iconlist_content_wrap\"><header class=\"entry-content-header\" aria-label=\"Ic\u00f4ne : Comment organisez-vous votre retraite ?\"><div class='av_iconlist_title iconlist_title_small' >Comment organisez-vous votre retraite ?<\/div><\/header><div class='iconlist_content' ><\/div><\/div><footer class=\"entry-footer\"><\/footer><\/article><div class=\"iconlist-timeline\"><\/div><\/li>\n<li><div class='iconlist_icon av-1l7l4c2-1-9887400a45847894545607bc39b98e58 avia-font-entypo-fontello avia-iconfont avia-font-entypo-fontello'><span class='av-icon-char' data-av_icon='\ue875' data-av_iconfont='entypo-fontello' aria-hidden=\"true\"><\/span><\/div><article class=\"article-icon-entry av-iconlist-empty\" ><div class=\"iconlist_content_wrap\"><header class=\"entry-content-header\" aria-label=\"Ic\u00f4ne : \u00cates-vous d\u00e9charg\u00e9(e) des t\u00e2ches administratives dans le domaine des finances et des placements ?\"><div class='av_iconlist_title iconlist_title_small' >Vous \u00eates d\u00e9charg\u00e9(e) des t\u00e2ches administratives dans le domaine des finances et des placements ?<\/div><\/header><div class='iconlist_content' ><\/div><\/div><footer class=\"entry-footer\"><\/footer><\/article><div class=\"iconlist-timeline\"><\/div><\/li>\n<li><div class='iconlist_icon av-1l7l4c2-1-3-5aa4daa950cda031cbaec66ec18d3b24 avia-font-entypo-fontello avia-iconfont avia-font-entypo-fontello'><span class='av-icon-char' data-av_icon='\ue875' data-av_iconfont='entypo-fontello' aria-hidden=\"true\"><\/span><\/div><article class=\"article-icon-entry av-iconlist-empty\" ><div class=\"iconlist_content_wrap\"><header class=\"entry-content-header\" aria-label=\"Ic\u00f4ne : Votre pr\u00e9voyance est-elle adapt\u00e9e \u00e0 vos besoins ?\"><div class='av_iconlist_title iconlist_title_small' >Votre pr\u00e9voyance est-elle adapt\u00e9e \u00e0 vos besoins ?<\/div><\/header><div class='iconlist_content' ><\/div><\/div><footer class=\"entry-footer\"><\/footer><\/article><div class=\"iconlist-timeline\"><\/div><\/li>\n<li><div class='iconlist_icon av-1l7l4c2-1-2-8815db42ef4b84cc27c72cf3c98f3215 avia-font-entypo-fontello avia-iconfont avia-font-entypo-fontello'><span class='av-icon-char' data-av_icon='\ue875' data-av_iconfont='entypo-fontello' aria-hidden=\"true\"><\/span><\/div><article class=\"article-icon-entry av-iconlist-empty\" ><div class=\"iconlist_content_wrap\"><header class=\"entry-content-header\" aria-label=\"Ic\u00f4ne : Utilisez-vous toutes les possibilit\u00e9s pour optimiser vos imp\u00f4ts ?\"><div class='av_iconlist_title iconlist_title_small' >Utilisez-vous toutes les possibilit\u00e9s pour optimiser vos imp\u00f4ts ?<\/div><\/header><div class='iconlist_content' ><\/div><\/div><footer class=\"entry-footer\"><\/footer><\/article><div class=\"iconlist-timeline\"><\/div><\/li>\n<li><div class='iconlist_icon av-1l7l4c2-1-1-a6e10cad2efbe3a974cb892bd1297259 avia-font-entypo-fontello avia-iconfont avia-font-entypo-fontello'><span class='av-icon-char' data-av_icon='\ue875' data-av_iconfont='entypo-fontello' aria-hidden=\"true\"><\/span><\/div><article class=\"article-icon-entry av-iconlist-empty\" ><div class=\"iconlist_content_wrap\"><header class=\"entry-content-header\" aria-label=\"Ic\u00f4ne : Vous cherchez un successeur pour votre cabinet ?\"><div class='av_iconlist_title iconlist_title_small' >Vous cherchez un successeur pour votre cabinet ?<\/div><\/header><div class='iconlist_content' ><\/div><\/div><footer class=\"entry-footer\"><\/footer><\/article><div class=\"iconlist-timeline\"><\/div><\/li>\n<\/ul><\/div><br \/>\n<div  class='avia-button-wrap av-lglzc747-b8407696a07172ba151883ad94e6abf2-wrap avia-button-left  avia-builder-el-13  el_after_av_iconlist  avia-builder-el-last'><a href='https:\/\/www.berufsverband-medizin.ch\/fr\/devenir-membre\/'  class='avia-button av-lglzc747-b8407696a07172ba151883ad94e6abf2 av-link-btn avia-icon_select-no avia-size-large avia-position-left avia-color-theme-color'   aria-label=\"Conseil &amp; contact\"><span class='avia_iconbox_title' >Conseil &amp; contact<\/span><\/a><\/div><\/p><\/div><div class='av-flex-placeholder'><\/div>\n<style type=\"text\/css\" data-created_by=\"avia_inline_auto\" id=\"style-css-av-2vsv1kk-fa096299815c1f9b1195fbcbd8d38b7f\">\n#top .flex_column_table.av-equal-height-column-flextable.av-2vsv1kk-fa096299815c1f9b1195fbcbd8d38b7f{\nmargin-top:70px;\nmargin-bottom:0px;\n}\n.flex_column.av-2vsv1kk-fa096299815c1f9b1195fbcbd8d38b7f{\nborder-radius:0px 0px 0px 0px;\npadding:0px 0px 0px 0px;\n}\n<\/style>\n<div  class='flex_column av-2vsv1kk-fa096299815c1f9b1195fbcbd8d38b7f av_one_half  avia-builder-el-14  el_after_av_one_half  avia-builder-el-last  flex_column_table_cell av-equal-height-column av-align-top av-animated-generic fade-in av-zero-column-padding'     ><style type=\"text\/css\" data-created_by=\"avia_inline_auto\" id=\"style-css-av-a3u2o4-c4e16f5626c5c59031f49fafd3134ed3\">\n.avia-image-container.av-a3u2o4-c4e16f5626c5c59031f49fafd3134ed3 img.avia_image{\nbox-shadow:none;\n}\n.avia-image-container.av-a3u2o4-c4e16f5626c5c59031f49fafd3134ed3 .av-image-caption-overlay-center{\ncolor:#ffffff;\n}\n<\/style>\n<div  class='avia-image-container av-a3u2o4-c4e16f5626c5c59031f49fafd3134ed3 av-styling- avia_animated_image av-animated-when-visible-95 left-to-right avia-align-center  avia-builder-el-15  avia-builder-el-no-sibling'  ><div class=\"avia-image-container-inner\"><div class=\"avia-image-overlay-wrap\"><img decoding=\"async\" fetchpriority=\"high\" class='wp-image-14808 avia-img-lazy-loading-not-14808 avia_image' src=\"https:\/\/www.berufsverband-medizin.ch\/wp-content\/uploads\/start_beratung-1.jpg\" alt='' title='start_consultation'  height=\"918\" width=\"1200\" srcset=\"https:\/\/www.berufsverband-medizin.ch\/wp-content\/uploads\/start_beratung-1.jpg 1200w, https:\/\/www.berufsverband-medizin.ch\/wp-content\/uploads\/start_beratung-1-300x230.jpg 300w, https:\/\/www.berufsverband-medizin.ch\/wp-content\/uploads\/start_beratung-1-1030x788.jpg 1030w, https:\/\/www.berufsverband-medizin.ch\/wp-content\/uploads\/start_beratung-1-768x588.jpg 768w, https:\/\/www.berufsverband-medizin.ch\/wp-content\/uploads\/start_beratung-1-705x539.jpg 705w\" sizes=\"(max-width: 1200px) 100vw, 1200px\" \/><\/div><\/div><\/div><\/div><\/div><!--close column table wrapper. Autoclose: 1 -->\n\n<\/div><\/div><\/div><!-- close content main div --><\/div><\/div>\n<style type=\"text\/css\" data-created_by=\"avia_inline_auto\" id=\"style-css-av-lgm20b2d-957ccaed764f7f5cf74a411aeca5b694\">\n.avia-section.av-lgm20b2d-957ccaed764f7f5cf74a411aeca5b694 .av-section-color-overlay{\nopacity:0.7;\nbackground-color:#244740;\n}\n<\/style>\n<div id='stretch_width'  class='avia-section av-lgm20b2d-957ccaed764f7f5cf74a411aeca5b694 main_color avia-section-huge avia-no-border-styling  avia-builder-el-16  el_after_av_section  avia-builder-el-last  avia-bg-style-scroll av-section-color-overlay-active av-section-with-video-bg container_wrap fullsize'   data-section-video-ratio='16:9'><div  class='avia-slideshow av_slideshow_obj-1-69f432447df94 avia-slideshow-featured av_slideshow avia-slide-slider av-slideshow-ui av-control-default av-slideshow-manual av-loop-once av-loop-manual-endless av-default-height-applied  av-section-video-bg avia-slideshow-2' data-slideshow-options=\"{&quot;animation&quot;:&quot;slide&quot;,&quot;autoplay&quot;:false,&quot;loop_autoplay&quot;:&quot;once&quot;,&quot;interval&quot;:5,&quot;loop_manual&quot;:&quot;manual-endless&quot;,&quot;autoplay_stopper&quot;:false,&quot;noNavigation&quot;:false,&quot;bg_slider&quot;:false,&quot;keep_padding&quot;:false,&quot;hoverpause&quot;:false,&quot;show_slide_delay&quot;:0}\" ><ul class='avia-slideshow-inner' style='padding-bottom: 28.6666666667%;'><li  data-controls='disabled' data-mute='aviaTBaviaTBvideo_mute' data-loop='1' data-disable-autoplay=''  data-video-ratio='1.77777777778' class='avia-slideshow-slide av_slideshow_obj-1-69f432447df94__0  av-video-slide  av-video-service-html5  av-hide-video-controls av-mute-video av-loop-video  av-single-slide slide-1 slide-odd'><div data-rel='slideshow-2' class='avia-slide-wrap'   ><div class='av-click-overlay'><\/div><video class='avia_video'  autoplay playsinline loop preload=\"metadata\" muted id='player_14738_1141880512_873741413'><source src=\"https:\/\/www.berufsverband-medizin.ch\/wp-content\/uploads\/video_start.mp4\" type=\"video\/mp4\" \/><\/video><div class=\"av-click-to-play-overlay\"><div class=\"avia_playpause_icon\"><\/div><\/div><\/div><\/li><\/ul><\/div><div class=\"av-section-color-overlay-wrap\"><div class=\"av-section-color-overlay\"><\/div><div class='container av-section-cont-open' ><div class='template-page content  av-content-full alpha units'><div class='post-entry post-entry-type-page post-entry-14738'><div class='entry-content-wrapper clearfix'>\n<div  class='flex_column av-10hzzgy-569edb4f766f516bb677cb4b3ac3c885 av_one_fifth  avia-builder-el-17  el_before_av_three_fifth  avia-builder-el-first  first flex_column_div'     ><\/div><div  class='flex_column av-lqkgwi-c33d01d1131a446aa9d114819f114a82 av_three_fifth  avia-builder-el-18  el_after_av_one_fifth  el_before_av_one_fifth  flex_column_div'     ><p>\n<style type=\"text\/css\" data-created_by=\"avia_inline_auto\" id=\"style-css-av-lglzpfru-f64fa1b7bf16022c7d15910dc3aa7039\">\n.av_font_icon.av-lglzpfru-f64fa1b7bf16022c7d15910dc3aa7039{\ncolor:#52a895;\nborder-color:#52a895;\n}\n.avia-svg-icon.av-lglzpfru-f64fa1b7bf16022c7d15910dc3aa7039 svg:first-child{\nstroke:#52a895;\nfill:#52a895;\n}\n.av_font_icon.av-lglzpfru-f64fa1b7bf16022c7d15910dc3aa7039 .av-icon-char{\nfont-size:80px;\nline-height:80px;\n}\n<\/style>\n<span  class='av_font_icon av-lglzpfru-f64fa1b7bf16022c7d15910dc3aa7039 avia_animate_when_visible av-icon-style- avia-icon-pos-center avia-iconfont avia-font-entypo-fontello avia-icon-animate'><span class='av-icon-char' data-av_icon='\ue81f' data-av_iconfont='entypo-fontello' aria-hidden=\"true\" ><\/span><\/span><br \/>\n\n<style type=\"text\/css\" data-created_by=\"avia_inline_auto\" id=\"style-css-av-lglzr8ow-7ff50dfa05c49575d033ff0a3b89bb94\">\n#top .av-special-heading.av-lglzr8ow-7ff50dfa05c49575d033ff0a3b89bb94{\npadding-bottom:10px;\n}\nbody .av-special-heading.av-lglzr8ow-7ff50dfa05c49575d033ff0a3b89bb94 .av-special-heading-tag .heading-char{\nfont-size:25px;\n}\n.av-special-heading.av-lglzr8ow-7ff50dfa05c49575d033ff0a3b89bb94 .av-subheading{\nfont-size:15px;\n}\n<\/style>\n<div  class='av-special-heading av-lglzr8ow-7ff50dfa05c49575d033ff0a3b89bb94 av-special-heading-h5 blockquote modern-quote modern-centered  avia-builder-el-20  el_after_av_font_icon  el_before_av_hr'><h5 class='av-special-heading-tag'  >Gr\u00e2ce \u00e0 la collaboration avec des prestataires d'assurances, de pr\u00e9voyance et de services financiers, vous b\u00e9n\u00e9ficiez de solutions sur mesure \u00e0 des conditions pr\u00e9f\u00e9rentielles. <\/h5><div class=\"special-heading-border\"><div class=\"special-heading-inner-border\"><\/div><\/div><\/div><br \/>\n\n<style type=\"text\/css\" data-created_by=\"avia_inline_auto\" id=\"style-css-av-lgm03pqs-79e688f197bfe8d782c8bbbc47f20030\">\n#top .hr.hr-invisible.av-lgm03pqs-79e688f197bfe8d782c8bbbc47f20030{\nheight:30px;\n}\n<\/style>\n<div  class='hr av-lgm03pqs-79e688f197bfe8d782c8bbbc47f20030 hr-invisible  avia-builder-el-21  el_after_av_heading  el_before_av_button'><span class='hr-inner'><span class=\"hr-inner-style\"><\/span><\/span><\/div><br \/>\n<div  class='avia-button-wrap av-lgm02qml-e27363de587d4b693aa71cb4c7d72eee-wrap avia-button-center  avia-builder-el-22  el_after_av_hr  avia-builder-el-last'><a href='https:\/\/www.berufsverband-medizin.ch\/fr\/devenir-membre\/'  class='avia-button av-lgm02qml-e27363de587d4b693aa71cb4c7d72eee av-link-btn avia-icon_select-no avia-size-large avia-position-center avia-color-light'   aria-label=\"Devenir membre\"><span class='avia_iconbox_title' >Devenir membre<\/span><\/a><\/div><\/p><\/div><div  class='flex_column av-22ysfm-2879b7ac0c9b245a4fffb99ab36495b3 av_one_fifth  avia-builder-el-23  el_after_av_three_fifth  avia-builder-el-last  flex_column_div'     ><\/div>","protected":false},"excerpt":{"rendered":"","protected":false},"author":1,"featured_media":0,"parent":0,"menu_order":0,"comment_status":"closed","ping_status":"closed","template":"","meta":{"footnotes":""},"folder":[],"class_list":["post-14738","page","type-page","status-publish","hentry"],"yoast_head":"<!-- This site is optimized with the Yoast SEO plugin v27.5 - https:\/\/yoast.com\/product\/yoast-seo-wordpress\/ -->\n<title>Berufsverband Medizin: F\u00fcr \u00c4rzte und Zahn\u00e4rzte<\/title>\n<meta name=\"description\" content=\"Der Berufsverband Medizin ist ein Kompetenzzentrum f\u00fcr \u00c4rzte, Zahn\u00e4rzte und Mediziner. Ziel: Entlastung der Mitglieder von administrativen Arbeiten.\" \/>\n<meta name=\"robots\" content=\"index, follow, max-snippet:-1, max-image-preview:large, max-video-preview:-1\" \/>\n<link rel=\"canonical\" href=\"https:\/\/www.berufsverband-medizin.ch\/fr\/\" \/>\n<meta property=\"og:locale\" content=\"fr_FR\" \/>\n<meta property=\"og:type\" content=\"article\" \/>\n<meta property=\"og:title\" content=\"Berufsverband Medizin: F\u00fcr \u00c4rzte und Zahn\u00e4rzte\" \/>\n<meta property=\"og:description\" content=\"Der Berufsverband Medizin ist ein Kompetenzzentrum f\u00fcr \u00c4rzte, Zahn\u00e4rzte und Mediziner. Ziel: Entlastung der Mitglieder von administrativen Arbeiten.\" \/>\n<meta property=\"og:url\" content=\"https:\/\/www.berufsverband-medizin.ch\/fr\/\" \/>\n<meta property=\"og:site_name\" content=\"Berufsverband Medizin\" \/>\n<meta property=\"article:modified_time\" content=\"2023-07-20T11:22:15+00:00\" \/>\n<meta name=\"twitter:card\" content=\"summary_large_image\" \/>\n<meta name=\"twitter:label1\" content=\"Dur\u00e9e de lecture estim\u00e9e\" \/>\n\t<meta name=\"twitter:data1\" content=\"12 minutes\" \/>\n<script type=\"application\/ld+json\" class=\"yoast-schema-graph\">{\"@context\":\"https:\\\/\\\/schema.org\",\"@graph\":[{\"@type\":\"WebPage\",\"@id\":\"https:\\\/\\\/www.berufsverband-medizin.ch\\\/\",\"url\":\"https:\\\/\\\/www.berufsverband-medizin.ch\\\/\",\"name\":\"Berufsverband Medizin: F\u00fcr \u00c4rzte und Zahn\u00e4rzte\",\"isPartOf\":{\"@id\":\"https:\\\/\\\/www.berufsverband-medizin.ch\\\/#website\"},\"datePublished\":\"2023-04-16T11:45:53+00:00\",\"dateModified\":\"2023-07-20T11:22:15+00:00\",\"description\":\"Der Berufsverband Medizin ist ein Kompetenzzentrum f\u00fcr \u00c4rzte, Zahn\u00e4rzte und Mediziner. Ziel: Entlastung der Mitglieder von administrativen Arbeiten.\",\"breadcrumb\":{\"@id\":\"https:\\\/\\\/www.berufsverband-medizin.ch\\\/#breadcrumb\"},\"inLanguage\":\"fr-FR\",\"potentialAction\":[{\"@type\":\"ReadAction\",\"target\":[\"https:\\\/\\\/www.berufsverband-medizin.ch\\\/\"]}]},{\"@type\":\"BreadcrumbList\",\"@id\":\"https:\\\/\\\/www.berufsverband-medizin.ch\\\/#breadcrumb\",\"itemListElement\":[{\"@type\":\"ListItem\",\"position\":1,\"name\":\"Startseite\",\"item\":\"https:\\\/\\\/www.berufsverband-medizin.ch\\\/\"},{\"@type\":\"ListItem\",\"position\":2,\"name\":\"Home\"}]},{\"@type\":\"WebSite\",\"@id\":\"https:\\\/\\\/www.berufsverband-medizin.ch\\\/#website\",\"url\":\"https:\\\/\\\/www.berufsverband-medizin.ch\\\/\",\"name\":\"Berufsverband Medizin\",\"description\":\"\",\"potentialAction\":[{\"@type\":\"SearchAction\",\"target\":{\"@type\":\"EntryPoint\",\"urlTemplate\":\"https:\\\/\\\/www.berufsverband-medizin.ch\\\/?s={search_term_string}\"},\"query-input\":{\"@type\":\"PropertyValueSpecification\",\"valueRequired\":true,\"valueName\":\"search_term_string\"}}],\"inLanguage\":\"fr-FR\"}]}<\/script>\n<!-- \/ Yoast SEO plugin. -->","yoast_head_json":{"title":"Association professionnelle de m\u00e9decine : pour les m\u00e9decins et les dentistes","description":"L'association professionnelle M\u00e9decine est un centre de comp\u00e9tences pour les m\u00e9decins, les dentistes et les professionnels de la sant\u00e9. Objectif : d\u00e9charger les membres des t\u00e2ches administratives.","robots":{"index":"index","follow":"follow","max-snippet":"max-snippet:-1","max-image-preview":"max-image-preview:large","max-video-preview":"max-video-preview:-1"},"canonical":"https:\/\/www.berufsverband-medizin.ch\/fr\/","og_locale":"fr_FR","og_type":"article","og_title":"Berufsverband Medizin: F\u00fcr \u00c4rzte und Zahn\u00e4rzte","og_description":"Der Berufsverband Medizin ist ein Kompetenzzentrum f\u00fcr \u00c4rzte, Zahn\u00e4rzte und Mediziner. Ziel: Entlastung der Mitglieder von administrativen Arbeiten.","og_url":"https:\/\/www.berufsverband-medizin.ch\/fr\/","og_site_name":"Berufsverband Medizin","article_modified_time":"2023-07-20T11:22:15+00:00","twitter_card":"summary_large_image","twitter_misc":{"Dur\u00e9e de lecture estim\u00e9e":"12 minutes"},"schema":{"@context":"https:\/\/schema.org","@graph":[{"@type":"WebPage","@id":"https:\/\/www.berufsverband-medizin.ch\/","url":"https:\/\/www.berufsverband-medizin.ch\/","name":"Association professionnelle de m\u00e9decine : pour les m\u00e9decins et les dentistes","isPartOf":{"@id":"https:\/\/www.berufsverband-medizin.ch\/#website"},"datePublished":"2023-04-16T11:45:53+00:00","dateModified":"2023-07-20T11:22:15+00:00","description":"L'association professionnelle M\u00e9decine est un centre de comp\u00e9tences pour les m\u00e9decins, les dentistes et les professionnels de la sant\u00e9. Objectif : d\u00e9charger les membres des t\u00e2ches administratives.","breadcrumb":{"@id":"https:\/\/www.berufsverband-medizin.ch\/#breadcrumb"},"inLanguage":"fr-FR","potentialAction":[{"@type":"ReadAction","target":["https:\/\/www.berufsverband-medizin.ch\/"]}]},{"@type":"BreadcrumbList","@id":"https:\/\/www.berufsverband-medizin.ch\/#breadcrumb","itemListElement":[{"@type":"ListItem","position":1,"name":"Startseite","item":"https:\/\/www.berufsverband-medizin.ch\/"},{"@type":"ListItem","position":2,"name":"Home"}]},{"@type":"WebSite","@id":"https:\/\/www.berufsverband-medizin.ch\/#website","url":"https:\/\/www.berufsverband-medizin.ch\/","name":"Association professionnelle de m\u00e9decine","description":"","potentialAction":[{"@type":"SearchAction","target":{"@type":"EntryPoint","urlTemplate":"https:\/\/www.berufsverband-medizin.ch\/?s={search_term_string}"},"query-input":{"@type":"PropertyValueSpecification","valueRequired":true,"valueName":"search_term_string"}}],"inLanguage":"fr-FR"}]}},"_links":{"self":[{"href":"https:\/\/www.berufsverband-medizin.ch\/fr\/wp-json\/wp\/v2\/pages\/14738","targetHints":{"allow":["GET"]}}],"collection":[{"href":"https:\/\/www.berufsverband-medizin.ch\/fr\/wp-json\/wp\/v2\/pages"}],"about":[{"href":"https:\/\/www.berufsverband-medizin.ch\/fr\/wp-json\/wp\/v2\/types\/page"}],"author":[{"embeddable":true,"href":"https:\/\/www.berufsverband-medizin.ch\/fr\/wp-json\/wp\/v2\/users\/1"}],"replies":[{"embeddable":true,"href":"https:\/\/www.berufsverband-medizin.ch\/fr\/wp-json\/wp\/v2\/comments?post=14738"}],"version-history":[{"count":5,"href":"https:\/\/www.berufsverband-medizin.ch\/fr\/wp-json\/wp\/v2\/pages\/14738\/revisions"}],"predecessor-version":[{"id":15372,"href":"https:\/\/www.berufsverband-medizin.ch\/fr\/wp-json\/wp\/v2\/pages\/14738\/revisions\/15372"}],"wp:attachment":[{"href":"https:\/\/www.berufsverband-medizin.ch\/fr\/wp-json\/wp\/v2\/media?parent=14738"}],"wp:term":[{"taxonomy":"folder","embeddable":true,"href":"https:\/\/www.berufsverband-medizin.ch\/fr\/wp-json\/wp\/v2\/folder?post=14738"}],"curies":[{"name":"wp","href":"https:\/\/api.w.org\/{rel}","templated":true}]}}